{"id":14982,"date":"2025-08-21T12:50:16","date_gmt":"2025-08-21T10:50:16","guid":{"rendered":"https:\/\/mundimueble.com\/?post_type=product&#038;p=14982"},"modified":"2025-09-24T12:58:12","modified_gmt":"2025-09-24T10:58:12","slug":"sofa-deslizante-evelin","status":"publish","type":"product","link":"https:\/\/mundimueble.com\/index.php\/producto\/sofa-deslizante-evelin\/","title":{"rendered":"Sof\u00e1 Deslizante Evelin"},"content":{"rendered":"<div class=\"elementor-element elementor-element-80b2fb3 elementor-widget elementor-widget-text-editor\" data-id=\"80b2fb3\" data-element_type=\"widget\" data-widget_type=\"text-editor.default\">\n<div class=\"elementor-widget-container\">\n<p>Con l\u00edneas elegantes y una amplia gama de tapizados, el\u00a0<strong>sof\u00e1<\/strong>\u00a0<strong>deslizante<\/strong>\u00a0<strong>Evelin<\/strong>\u00a0de\u00a0<strong>Pedro<\/strong>\u00a0<strong>Ortiz<\/strong> es una pieza de dise\u00f1o que marcar\u00e1 la diferencia en tu sal\u00f3n. Su estructura, cuidadosamente elaborada con materiales de alta calidad, garantiza durabilidad y resistencia. La combinaci\u00f3n de espuma de poliuretano de 40 kg y viscoel\u00e1stica proporciona una sensaci\u00f3n de confort \u00fanica.<\/p>\n<p>\u2022 <strong>Estructura<\/strong>: Madera de pino con tablero de part\u00edculas<br \/>\n\u2022 <strong>Suspensi\u00f3n<\/strong> <strong>asiento<\/strong>: Bastidor met\u00e1lico muelles ZZ<br \/>\n\u2022 <strong>Mecanismo<\/strong>: Asiento deslizante con carro (46 cm) y cabezal abatible. Motor opcional<br \/>\n\u2022 <strong>Asientos<\/strong>: 5 cm viscoel\u00e1stica 50 kg + Espuma poliuretano 40 kg suave<br \/>\n\u2022 <strong>Cabezal<\/strong>: Espuma super suave recubierto fibra<br \/>\n\u2022 <strong>Ri\u00f1onera<\/strong>: Espuma super suave recubierto fibra<br \/>\n\u2022 <strong>Desenfundable<\/strong>: Respaldo, brazos y asientos<\/p>\n<\/div>\n<\/div>\n<div class=\"elementor-element elementor-element-694b843 elementor-hidden-mobile elementor-widget elementor-widget-image\" data-id=\"694b843\" data-element_type=\"widget\" data-widget_type=\"image.default\">\n<div class=\"elementor-widget-container\">00<\/div>\n<\/div>\n","protected":false},"excerpt":{"rendered":"<p>Con l\u00edneas elegantes y una amplia gama de tapizados, el\u00a0sof\u00e1\u00a0deslizante\u00a0Evelin\u00a0de\u00a0Pedro\u00a0Ortiz es una pieza de dise\u00f1o que marcar\u00e1 la diferencia en tu sal\u00f3n. Su estructura, cuidadosamente elaborada con materiales de alta calidad, garantiza durabilidad y resistencia. La combinaci\u00f3n de espuma de poliuretano de 40 kg y viscoel\u00e1stica proporciona una sensaci\u00f3n de confort \u00fanica. \u2022 Estructura: Madera [&hellip;]<\/p>\n","protected":false},"featured_media":14984,"template":"","meta":[],"product_brand":[296],"product_cat":[204,195],"product_tag":[297],"class_list":{"0":"post-14982","1":"product","2":"type-product","3":"status-publish","4":"has-post-thumbnail","6":"product_brand-pedro-ortiz","7":"product_cat-sofas-y-chaiselongues","8":"product_cat-sofas-y-sillones","9":"product_tag-sofa","11":"entry","12":"has-media","14":"first","15":"instock","16":"taxable","17":"shipping-taxable","18":"product-type-simple","19":"has-product-nav","20":"col","21":"span_1_of_3","22":"owp-content-center","23":"owp-thumbs-layout-horizontal","24":"owp-btn-normal","25":"owp-tabs-layout-horizontal"},"_links":{"self":[{"href":"https:\/\/mundimueble.com\/index.php\/wp-json\/wp\/v2\/product\/14982","targetHints":{"allow":["GET"]}}],"collection":[{"href":"https:\/\/mundimueble.com\/index.php\/wp-json\/wp\/v2\/product"}],"about":[{"href":"https:\/\/mundimueble.com\/index.php\/wp-json\/wp\/v2\/types\/product"}],"version-history":[{"count":0,"href":"https:\/\/mundimueble.com\/index.php\/wp-json\/wp\/v2\/product\/14982\/revisions"}],"wp:featuredmedia":[{"embeddable":true,"href":"https:\/\/mundimueble.com\/index.php\/wp-json\/wp\/v2\/media\/14984"}],"wp:attachment":[{"href":"https:\/\/mundimueble.com\/index.php\/wp-json\/wp\/v2\/media?parent=14982"}],"wp:term":[{"taxonomy":"product_brand","embeddable":true,"href":"https:\/\/mundimueble.com\/index.php\/wp-json\/wp\/v2\/product_brand?post=14982"},{"taxonomy":"product_cat","embeddable":true,"href":"https:\/\/mundimueble.com\/index.php\/wp-json\/wp\/v2\/product_cat?post=14982"},{"taxonomy":"product_tag","embeddable":true,"href":"https:\/\/mundimueble.com\/index.php\/wp-json\/wp\/v2\/product_tag?post=14982"}],"curies":[{"name":"wp","href":"https:\/\/api.w.org\/{rel}","templated":true}]}}