{"id":12835,"date":"2017-09-07T12:01:00","date_gmt":"2017-09-07T10:01:00","guid":{"rendered":"https:\/\/mundimueble.com\/?post_type=product&#038;p=12835"},"modified":"2025-09-09T20:46:57","modified_gmt":"2025-09-09T18:46:57","slug":"sofa-cama-moderna-mayor-martin","status":"publish","type":"product","link":"https:\/\/mundimueble.com\/index.php\/producto\/sofa-cama-moderna-mayor-martin\/","title":{"rendered":"Sof\u00e1 Cama Martina"},"content":{"rendered":"<p>El sof\u00e1 Martina es un sof\u00e1 cama de dise\u00f1o italiano, ligero y funcional con un ancho de 178 cent\u00edmetros, caracter\u00edsticas que lo hace ideal para espacios reducidos. Los asientos y los respaldos son desenfundables y tiene detalles de vivo en brazos y respaldos. Mecanismo original italiano con rejilla met\u00e1lica y cinchas en el asiento. No es necesario retirar ni asientos ni respaldos para la apertura del sof\u00e1 cama.<\/p>\n<p>Colch\u00f3n de 140 cent\u00edmetros de ancho por 200 cent\u00edmetros de largo, con opci\u00f3n de colch\u00f3n m\u00e1s grande de 160 cent\u00edmetros de ancho. El grosor del colch\u00f3n es de 12 cent\u00edmetros. Colch\u00f3n cerrado y acolchado por ambas caras con goma HR35Kg. Opci\u00f3n de colch\u00f3n de HR35Kg + 3 cent\u00edmetros de viscoel\u00e1stica. Brazos y trasera desmontables con sistema de gu\u00edas.<\/p>\n<p>Patas cromadas de 13 cent\u00edmetros de altura, ideales para el robot de limpieza. Tambi\u00e9n existe opci\u00f3n de patas de madera y cromadas color antracita. Puede combinarse con chaiselongue fija u otros m\u00f3dulos fijos. Existe butaca fija y pouffs a juego.<\/p>\n<p>\u00abDestacado en ventas por su atrevido dise\u00f1o, su ligereza y su comodidad. Sus detalles de cosido en brazos y respaldos le dar\u00e1n un valor a\u00f1adido a tu ambiente. Comb\u00ednalo con su butaca a juego.\u00bb<\/p>\n","protected":false},"excerpt":{"rendered":"<p>El sof\u00e1 Martina es un sof\u00e1 cama de dise\u00f1o italiano, ligero y funcional con un ancho de 178 cent\u00edmetros, caracter\u00edsticas que lo hace ideal para espacios reducidos. Los asientos y los respaldos son desenfundables y tiene detalles de vivo en brazos y respaldos. Mecanismo original italiano con rejilla met\u00e1lica y cinchas en el asiento. No [&hellip;]<\/p>\n","protected":false},"featured_media":12836,"template":"","meta":[],"product_brand":[320],"product_cat":[206,195],"product_tag":[297,321],"class_list":{"0":"post-12835","1":"product","2":"type-product","3":"status-publish","4":"has-post-thumbnail","6":"product_brand-mayor-tapizados","7":"product_cat-sofas-cama","8":"product_cat-sofas-y-sillones","9":"product_tag-sofa","10":"product_tag-sofa-cama","12":"entry","13":"has-media","15":"first","16":"instock","17":"taxable","18":"shipping-taxable","19":"product-type-simple","20":"has-product-nav","21":"col","22":"span_1_of_3","23":"owp-content-center","24":"owp-thumbs-layout-horizontal","25":"owp-btn-normal","26":"owp-tabs-layout-horizontal"},"_links":{"self":[{"href":"https:\/\/mundimueble.com\/index.php\/wp-json\/wp\/v2\/product\/12835","targetHints":{"allow":["GET"]}}],"collection":[{"href":"https:\/\/mundimueble.com\/index.php\/wp-json\/wp\/v2\/product"}],"about":[{"href":"https:\/\/mundimueble.com\/index.php\/wp-json\/wp\/v2\/types\/product"}],"version-history":[{"count":1,"href":"https:\/\/mundimueble.com\/index.php\/wp-json\/wp\/v2\/product\/12835\/revisions"}],"predecessor-version":[{"id":12853,"href":"https:\/\/mundimueble.com\/index.php\/wp-json\/wp\/v2\/product\/12835\/revisions\/12853"}],"wp:featuredmedia":[{"embeddable":true,"href":"https:\/\/mundimueble.com\/index.php\/wp-json\/wp\/v2\/media\/12836"}],"wp:attachment":[{"href":"https:\/\/mundimueble.com\/index.php\/wp-json\/wp\/v2\/media?parent=12835"}],"wp:term":[{"taxonomy":"product_brand","embeddable":true,"href":"https:\/\/mundimueble.com\/index.php\/wp-json\/wp\/v2\/product_brand?post=12835"},{"taxonomy":"product_cat","embeddable":true,"href":"https:\/\/mundimueble.com\/index.php\/wp-json\/wp\/v2\/product_cat?post=12835"},{"taxonomy":"product_tag","embeddable":true,"href":"https:\/\/mundimueble.com\/index.php\/wp-json\/wp\/v2\/product_tag?post=12835"}],"curies":[{"name":"wp","href":"https:\/\/api.w.org\/{rel}","templated":true}]}}